{"id":3378,"date":"2019-05-09T12:10:20","date_gmt":"2019-05-09T10:10:20","guid":{"rendered":"https:\/\/www.k5-akustik.de\/customer-privacy\/"},"modified":"2022-11-28T03:50:04","modified_gmt":"2022-11-28T02:50:04","slug":"customer-privacy","status":"publish","type":"page","link":"https:\/\/www.k5-akustik.de\/en\/customer-privacy\/","title":{"rendered":"Customer privacy"},"content":{"rendered":"\n<p><strong>Unser Umgang&#13;\nmit Ihren Daten und Ihre Rechte \u2013 Informationen nach Art. 13, 14 und 21 der&#13;\nEU-Datenschutz-Grundverordnung (DSGVO)<\/strong><\/p>\n\n<p>Mit den&#13;\nfolgenden Informationen m\u00f6chten wir Ihnen einen \u00dcberblick \u00fcber die Verarbeitung&#13;\nIhrer personenbezogenen Daten durch uns und Ihre daraus entstehenden Rechte&#13;\ngeben. Welche Daten im Einzelnen verarbeitet und in welcher Weise genutzt&#13;\nwerden, richtet sich ma\u00dfgeblich nach den jeweils beantragten bzw. vereinbarten&#13;\nDienstleistungen. Daher werden ggf. nicht alle hier enthaltenen Aussagen auf&#13;\nSie zutreffen.<\/p>\n\n<p>Dar\u00fcber&#13;\nhinaus kann diese Datenschutzinformation von Zeit zu Zeit aktualisiert werden.&#13;\nDie aktuellste Version finden Sie jederzeit auf unserer Webseite.<\/p>\n\n<h2 class=\"wp-block-heading\">Wer ist f\u00fcr die Datenverarbeitung verantwortlich und an wen kann ich mich&#13;\nwenden?<\/h2>\n\n<h3 class=\"wp-block-heading\">Verantwortliche Stelle ist:<\/h3>\n\n<p><strong>Akustikb\u00fcro&#13;\nK5 GmbH<\/strong>&#13;\nMonumentenstr. 33-34&#13;\n10829 Berlin&#13;\nTelefon: 030-263 93 69-0&#13;\nE-Mail: <a href=\"mailto:info@sabinasiefert.de\">mail@k5-akustik.de<\/a><\/p>\n\n<h3 class=\"wp-block-heading\">Sie erreichen unseren betrieblichen Datenschutzverantwortlichen unter:<\/h3>\n\n<p>erfolgen und sollte gerichtet werden an:<\/p>\n\n<p>Nicola Prinz&#13;\nTelefon: 030-263 93 69-28&#13;\nE-Mail: <a href=\"mailto:datenschutz@k5-akustik.de\">datenschutz@k5-akustik.de<\/a><\/p>\n\n<h2 class=\"wp-block-heading\">Art der erhobenen personenbezogenen Daten <\/h2>\n\n<p>Wir&#13;\nverarbeiten folgende personenbezogene Daten, die wir im Rahmen unserer&#13;\nGesch\u00e4ftsbeziehung von Ihnen erhalten:<\/p>\n\n<p>Unternehmensname&#13;\nmit Rechtsform und Anschrift&#13;\nTitel und Namen&#13;\nTelefonnummern&#13;\nFaxnummern&#13;\nE-Mailadressen&#13;\nT\u00e4tigkeitsbereich bzw. Position&#13;\nAnsprechpartner im Unternehmen<\/p>\n\n<h2 class=\"wp-block-heading\">Wir verarbeiten Ihre Daten zu folgenden Zwecken und auf folgender&#13;\nRechtsgrundlage<\/h2>\n\n<p>Wir&#13;\nverarbeiten personenbezogene Daten im Einklang mit den Bestimmungen der&#13;\neurop\u00e4ischen Datenschutz-Grundverordnung (DSGVO) und dem&#13;\nBundesdatenschutzgesetz (BDSG):<\/p>\n\n<p>Soweit wir&#13;\nf\u00fcr Verarbeitungsvorg\u00e4nge personenbezogener Daten eine Einwilligung der&#13;\nbetroffenen Person einholen, dient Art.\u00a06 Abs.\u00a01 lit.\u00a0a&#13;\nEU-Datenschutzgrundverordnung (DSGVO) als Rechtsgrundlage.<\/p>\n\n<p>Bei der&#13;\nVerarbeitung von personenbezogenen Daten, die zur Erf\u00fcllung eines Vertrages,&#13;\ndessen Vertragspartei die betroffene Person ist, erforderlich ist, dient&#13;\nArt.\u00a06 Abs.\u00a01 lit.\u00a0b DSGVO als Rechtsgrundlage. Dies gilt auch&#13;\nf\u00fcr Verarbeitungsvorg\u00e4nge, die zur Durchf\u00fchrung vorvertraglicher Ma\u00dfnahmen&#13;\nerforderlich sind.<\/p>\n\n<p>Soweit eine&#13;\nVerarbeitung personenbezogener Daten zur Erf\u00fcllung einer rechtlichen&#13;\nVerpflichtung erforderlich ist, der unser Unternehmen unterliegt, dient&#13;\nArt.\u00a06 Abs.\u00a01 lit.\u00a0c DSGVO als Rechtsgrundlage. Hierzu z\u00e4hlen z.&#13;\nB. Steuergesetze sowie die gesetzliche Buchf\u00fchrung. Dar\u00fcber hinaus kann die&#13;\nOffenlegung personenbezogener Daten im Rahmen von beh\u00f6rdlichen\/gerichtlichen&#13;\nMa\u00dfnahmen zu Zwecken der Beweiserhebung, Strafverfolgung oder Durchsetzung&#13;\nzivilrechtlicher Anspr\u00fcche erforderlich werden.<\/p>\n\n<p>F\u00fcr den&#13;\nFall, dass lebenswichtige Interessen der betroffenen Person oder einer anderen&#13;\nnat\u00fcrlichen Person eine Verarbeitung personenbezogener Daten erforderlich&#13;\nmachen, dient Art.\u00a06 Abs.\u00a01 lit.\u00a0d DSGVO als Rechtsgrundlage.<\/p>\n\n<p>Ist die&#13;\nVerarbeitung zur Wahrung eines berechtigten Interesses unseres Unternehmens&#13;\noder eines Dritten erforderlich und \u00fcberwiegen die Interessen, Grundrechte und&#13;\nGrundfreiheiten des Betroffenen das erstgenannte Interesse nicht, so dient&#13;\nArt.\u00a06 Abs.\u00a01 lit.\u00a0f DSGVO als Rechtsgrundlage f\u00fcr die&#13;\nVerarbeitung. Ein Beispiel f\u00fcr solche F\u00e4lle ist die Verarbeitung im CRM System.<\/p>\n\n<h2 class=\"wp-block-heading\">Widerruf gegen die Verarbeitung Ihrer Daten<\/h2>\n\n<p>Falls Sie&#13;\neine Einwilligung zur Verarbeitung Ihrer Daten erteilt haben, k\u00f6nnen Sie diese&#13;\njederzeit widerrufen. Ein solcher Widerruf beeinflusst die Zul\u00e4ssigkeit der&#13;\nVerarbeitung Ihrer personenbezogenen Daten, auf den Sie ihn gegen\u00fcber uns&#13;\nausgesprochen haben.<\/p>\n\n<h2 class=\"wp-block-heading\">Wer bekommt meine Daten? <\/h2>\n\n<h3 class=\"wp-block-heading\">Innerhalb unseres Hauses<\/h3>\n\n<p>Mitarbeiter&#13;\nf\u00fcr den Kontakt mit Ihnen und die vertragliche Zusammenarbeit (inkl. der&#13;\nErf\u00fcllung vorvertraglicher Ma\u00dfnahmen)<\/p>\n\n<h3 class=\"wp-block-heading\">Im Rahmen von Auftragsverarbeitungen <\/h3>\n\n<p>Ihre Daten&#13;\nwerden ggf. an Dienstleister weitergegeben, die f\u00fcr uns als Auftragsverarbeiter&#13;\nt\u00e4tig werden:<\/p>\n\n<p>Unterst\u00fctzung&#13;\nbzw. Wartung von EDV oder IT-Anwendungen&#13;\nBuchhaltung&#13;\nDatenvernichtung<\/p>\n\n<p>S\u00e4mtliche&#13;\nDienstleister sind vertraglich gebunden und insbesondere dazu verpflichtet,&#13;\nIhre Daten vertraulich zu behandeln.<\/p>\n\n<h3 class=\"wp-block-heading\">Sonstige Dritte <\/h3>\n\n<p>Eine&#13;\nWeitergabe von Daten an Empf\u00e4nger au\u00dferhalb unseres Hauses erfolgt nur unter&#13;\nBeachtung der anzuwendenden Vorschriften zum Datenschutz. Empf\u00e4nger&#13;\npersonenbezogener Daten k\u00f6nnen z.B. sein:<\/p>\n\n<p>\u00d6ffentliche&#13;\nStellen und Institutionen (z. B. Finanz- oder Strafverfolgungsbeh\u00f6rden) bei&#13;\nVorliegen einer gesetzlichen oder beh\u00f6rdlichen Verpflichtung&#13;\nSteuerberater oder Wirtschafts- und Lohnsteuer- und Betriebspr\u00fcfer&#13;\n(gesetzlicher Pr\u00fcfungsauftrag)<\/p>\n\n<h2 class=\"wp-block-heading\">Werden Daten in ein Drittland oder an eine internationale Organisation&#13;\n\u00fcbermittelt?<\/h2>\n\n<p>Ihre Daten&#13;\nwerden nur innerhalb der Europ\u00e4ischen Union und Staaten innerhalb des&#13;\nEurop\u00e4ischen Wirtschaftsraums (EWR) verarbeitet.<\/p>\n\n<h2 class=\"wp-block-heading\">Wie lange werden meine Daten gespeichert?<\/h2>\n\n<p>Wir&#13;\nverarbeiten und speichern Ihre personenbezogenen Daten, solange dies f\u00fcr die&#13;\nErf\u00fcllung unserer vertraglichen und gesetzlichen Pflichten erforderlich ist.&#13;\nSind die Daten f\u00fcr die Erf\u00fcllung vertraglicher oder gesetzlicher Pflichten&#13;\nnicht mehr erforderlich, werden diese regelm\u00e4\u00dfig gel\u00f6scht.<\/p>\n\n<p>Ausnahmen&#13;\nergeben sich,<\/p>\n\n<ul class=\"wp-block-list\">\n<li>soweit gesetzliche&#13;\n     Aufbewahrungspflichten zu erf\u00fcllen sind, z.B. Handelsgesetzbuch (HGB) und&#13;\n     Abgabenordnung (AO), erforderlich sind. Die dort vorgegebenen Fristen zur&#13;\n     Aufbewahrung bzw. Dokumentation betragen in der Regel sechs bis zehn&#13;\n     Jahre;<\/li>\n\n\n\n<li>zur Erhaltung von Beweismitteln&#13;\n     im Rahmen der gesetzlichen Verj\u00e4hrungsvorschriften. Nach den \u00a7\u00a7 195 ff des&#13;\n     B\u00fcrgerlichen Gesetzbuches (BGB) k\u00f6nnen diese Verj\u00e4hrungsfristen bis zu 30&#13;\n     Jahre betragen, wobei die regelm\u00e4\u00dfige Verj\u00e4hrungsfrist 3 Jahre betr\u00e4gt.<\/li>\n\n\n\n<li>Ggf. weitere.<\/li>\n<\/ul>\n\n<p>Sofern die&#13;\nDatenverarbeitung im berechtigten Interesse von uns oder einem Dritten erfolgt,&#13;\nwerden die personenbezogenen Daten gel\u00f6scht, sobald dieses Interesse nicht mehr&#13;\nbesteht. Hierbei gelten die genannten Ausnahmen.<\/p>\n\n<h2 class=\"wp-block-heading\">Welche Datenschutzrechte habe ich?<\/h2>\n\n<p>Sie haben&#13;\ndas Recht auf Auskunft nach Artikel 15 DSGVO, das Recht auf Berichtigung nach&#13;\nArtikel 16 DSGVO, das Recht auf L\u00f6schung nach Artikel 17 DSGVO, das Recht auf&#13;\nEinschr\u00e4nkung der Verarbeitung nach Artikel 18 DSGVO, das Recht auf Widerspruch&#13;\naus Artikel 21 DSGVO sowie das Recht auf Daten\u00fcbertragbarkeit aus Artikel 20&#13;\nDSGVO.<\/p>\n\n<p>Beim&#13;\nAuskunftsrecht und beim L\u00f6schungsrecht gelten ggf. Einschr\u00e4nkungen nach \u00a7\u00a7 34&#13;\nund 35 BDSG.<\/p>\n\n<p>Dar\u00fcber&#13;\nhinaus besteht ein Beschwerderecht bei einer zust\u00e4ndigen&#13;\nDatenschutzaufsichtsbeh\u00f6rde (Artikel 77 DSGVO i.V.m. \u00a7 19 BDSG). Die f\u00fcr uns&#13;\nzust\u00e4ndige Aufsichtsbeh\u00f6rde ist: Aufsichtsbeh\u00f6rde in Ansbach&#13;\nhttps:\/\/www.lda.bayern.de\/de\/index.html<\/p>\n\n<h2 class=\"wp-block-heading\">Gibt es eine Pflicht zur Bereitstellung von Daten?<\/h2>\n\n<p>Im Rahmen&#13;\ndes Vertragsverh\u00e4ltnisses m\u00fcssen Sie diejenigen personenbezogenen Daten&#13;\nbereitstellen, die f\u00fcr die Aufnahme, Durchf\u00fchrung und Beendigung des&#13;\nVertragsverh\u00e4ltnisses und zur Erf\u00fcllung der damit verbundenen vertraglichen&#13;\nPflichten erforderlich sind oder zu deren Erhebung wir gesetzlich verpflichtet&#13;\nsind. Ohne diese Daten werden wir in der Regel nicht in der Lage sein, den&#13;\nVertrag mit Ihnen zu schlie\u00dfen oder diesen auszuf\u00fchren.<\/p>\n\n<h2 class=\"wp-block-heading\">Information \u00fcber Ihr Widerspruchsrecht nach Artikel 21&#13;\nDatenschutz-Grundverordnung (DSGVO)<\/h2>\n\n<h3 class=\"wp-block-heading\">Einzelfallbezogenes Widerspruchsrecht<\/h3>\n\n<p>Sie haben&#13;\ndas Recht, aus Gr\u00fcnden, die sich aus Ihrer besonderen Situation ergeben,&#13;\njederzeit gegen die Verarbeitung Sie betreffender personenbezogener Daten, die&#13;\naufgrund von Artikel 6 Absatz 1 Buchstabe f DSGVO (Datenverarbeitung auf der&#13;\nGrundlage einer Interessenabw\u00e4gung) erfolgt, Widerspruch einzulegen; dies gilt&#13;\nauch f\u00fcr ein auf diese Bestimmung gest\u00fctztes Profiling im Sinne von Artikel 4&#13;\nNr. 4 DSGVO.<\/p>\n\n<p>Legen Sie&#13;\nWiderspruch ein, werden wir Ihre personenbezogenen Daten nicht mehr&#13;\nverarbeiten, es sei denn, wir k\u00f6nnen zwingende schutzw\u00fcrdige Gr\u00fcnde f\u00fcr die&#13;\nVerarbeitung nachweisen, die Ihre Interessen, Rechte und Freiheiten \u00fcberwiegen,&#13;\noder die Verarbeitung dient der Geltendmachung, Aus\u00fcbung oder Verteidigung von&#13;\nRechtsanspr\u00fcchen.<\/p>\n\n<h3 class=\"wp-block-heading\">Empf\u00e4nger eines Widerspruchs<\/h3>\n\n<p>Der&#13;\nWiderspruch kann formfrei mit dem Betreff \u201eWiderspruch\u201c unter Angabe Ihres&#13;\nNamens, Ihrer Adresse und Ihres Geburtsdatums erfolgen und sollte gerichtet&#13;\nwerden an:<strong>Jakob Kraft<\/strong>&#13;\nTelefon: 030-263 93 69-22&#13;\nE-Mail: <a href=\"mailto:datenschutz@k5-akustik.de\">datenschutz@k5-akustik.de<\/a><\/p>\n","protected":false},"excerpt":{"rendered":"<p>Unser Umgang&#13; mit Ihren Daten und Ihre Rechte \u2013 Informationen nach Art. 13, 14 und 21 der&#13; EU-Datenschutz-Grundverordnung (DSGVO) Mit den&#13; folgenden Informationen m\u00f6chten wir Ihnen einen \u00dcberblick \u00fcber die Verarbeitung&#13; Ihrer personenbezogenen Daten durch uns und Ihre daraus entstehenden Rechte&#13; geben. Welche Daten im Einzelnen verarbeitet und in welcher Weise genutzt&#13; werden, richtet sich [&hellip;]<\/p>\n","protected":false},"author":2,"featured_media":0,"parent":0,"menu_order":0,"comment_status":"closed","ping_status":"closed","template":"","meta":{"site-sidebar-layout":"default","site-content-layout":"default","ast-site-content-layout":"default","site-content-style":"default","site-sidebar-style":"default","ast-global-header-display":"","ast-banner-title-visibility":"","ast-main-header-display":"","ast-hfb-above-header-display":"","ast-hfb-below-header-display":"","ast-hfb-mobile-header-display":"","site-post-title":"","ast-breadcrumbs-content":"","ast-featured-img":"","footer-sml-layout":"","ast-disable-related-posts":"","theme-transparent-header-meta":"default","adv-header-id-meta":"","stick-header-meta":"default","header-above-stick-meta":"","header-main-stick-meta":"","header-below-stick-meta":"","astra-migrate-meta-layouts":"default","ast-page-background-enabled":"default","ast-page-background-meta":{"desktop":{"background-color":"","background-image":"","background-repeat":"repeat","background-position":"center center","background-size":"auto","background-attachment":"scroll","background-type":"","background-media":"","overlay-type":"","overlay-color":"","overlay-opacity":"","overlay-gradient":""},"tablet":{"background-color":"","background-image":"","background-repeat":"repeat","background-position":"center center","background-size":"auto","background-attachment":"scroll","background-type":"","background-media":"","overlay-type":"","overlay-color":"","overlay-opacity":"","overlay-gradient":""},"mobile":{"background-color":"","background-image":"","background-repeat":"repeat","background-position":"center center","background-size":"auto","background-attachment":"scroll","background-type":"","background-media":"","overlay-type":"","overlay-color":"","overlay-opacity":"","overlay-gradient":""}},"ast-content-background-meta":{"desktop":{"background-color":"var(--ast-global-color-5)","background-image":"","background-repeat":"repeat","background-position":"center center","background-size":"auto","background-attachment":"scroll","background-type":"","background-media":"","overlay-type":"","overlay-color":"","overlay-opacity":"","overlay-gradient":""},"tablet":{"background-color":"var(--ast-global-color-5)","background-image":"","background-repeat":"repeat","background-position":"center center","background-size":"auto","background-attachment":"scroll","background-type":"","background-media":"","overlay-type":"","overlay-color":"","overlay-opacity":"","overlay-gradient":""},"mobile":{"background-color":"var(--ast-global-color-5)","background-image":"","background-repeat":"repeat","background-position":"center center","background-size":"auto","background-attachment":"scroll","background-type":"","background-media":"","overlay-type":"","overlay-color":"","overlay-opacity":"","overlay-gradient":""}},"footnotes":""},"class_list":["post-3378","page","type-page","status-publish","hentry"],"_links":{"self":[{"href":"https:\/\/www.k5-akustik.de\/en\/wp-json\/wp\/v2\/pages\/3378","targetHints":{"allow":["GET"]}}],"collection":[{"href":"https:\/\/www.k5-akustik.de\/en\/wp-json\/wp\/v2\/pages"}],"about":[{"href":"https:\/\/www.k5-akustik.de\/en\/wp-json\/wp\/v2\/types\/page"}],"author":[{"embeddable":true,"href":"https:\/\/www.k5-akustik.de\/en\/wp-json\/wp\/v2\/users\/2"}],"replies":[{"embeddable":true,"href":"https:\/\/www.k5-akustik.de\/en\/wp-json\/wp\/v2\/comments?post=3378"}],"version-history":[{"count":0,"href":"https:\/\/www.k5-akustik.de\/en\/wp-json\/wp\/v2\/pages\/3378\/revisions"}],"wp:attachment":[{"href":"https:\/\/www.k5-akustik.de\/en\/wp-json\/wp\/v2\/media?parent=3378"}],"curies":[{"name":"wp","href":"https:\/\/api.w.org\/{rel}","templated":true}]}}